{"id":1588,"date":"2018-04-15T18:39:42","date_gmt":"2018-04-15T18:39:42","guid":{"rendered":"http:\/\/aganplus.org\/?page_id=1588"},"modified":"2019-12-20T15:10:49","modified_gmt":"2019-12-20T15:10:49","slug":"ecodestin","status":"publish","type":"page","link":"https:\/\/aganplus.org\/index.php\/proyectos-y-actividades\/proyectos\/ecodestin\/","title":{"rendered":"ECODESTIN"},"content":{"rendered":"<p>El proyecto\u00a0Ecodestin _3IN, con una inversi\u00f3n pr\u00f3xima a los\u00a0<strong>dos millones de euros\u00a0y<\/strong> enmarcado en el Programa\u00a0<a href=\"http:\/\/www.poctep.eu\/es\/2014-2020\/proyectos-aprobados\">INTERREG V-A Espa\u00f1a\u2013Portugal 2014-2020 (Poctep)<\/a>, tiene como principal objetivo el incremento de la atracci\u00f3n del territorio a trav\u00e9s del fomento y del desarrollo del patrimonio natural y cultural vinculado a las r\u00edas, r\u00edos y costa de la eurorregi\u00f3n Galicia-Norte de Portugal.<\/p>\n<p style=\"text-align: left;\">FINANCIADO POR:<a href=\"http:\/\/www.ecodestin.com\"><img decoding=\"async\" class=\"wp-image-1710 aligncenter\" src=\"https:\/\/aganplus.org\/wp-content\/uploads\/2018\/04\/3-Logo-Interreg-y-ecodestin_preview-DEFINITIVO-1024x189.png\" alt=\"\" width=\"488\" height=\"90\" srcset=\"https:\/\/aganplus.org\/wp-content\/uploads\/2018\/04\/3-Logo-Interreg-y-ecodestin_preview-DEFINITIVO-1024x189.png 1024w, https:\/\/aganplus.org\/wp-content\/uploads\/2018\/04\/3-Logo-Interreg-y-ecodestin_preview-DEFINITIVO-300x56.png 300w, https:\/\/aganplus.org\/wp-content\/uploads\/2018\/04\/3-Logo-Interreg-y-ecodestin_preview-DEFINITIVO-768x142.png 768w, https:\/\/aganplus.org\/wp-content\/uploads\/2018\/04\/3-Logo-Interreg-y-ecodestin_preview-DEFINITIVO-24x4.png 24w, https:\/\/aganplus.org\/wp-content\/uploads\/2018\/04\/3-Logo-Interreg-y-ecodestin_preview-DEFINITIVO-36x7.png 36w, https:\/\/aganplus.org\/wp-content\/uploads\/2018\/04\/3-Logo-Interreg-y-ecodestin_preview-DEFINITIVO-48x9.png 48w, https:\/\/aganplus.org\/wp-content\/uploads\/2018\/04\/3-Logo-Interreg-y-ecodestin_preview-DEFINITIVO.png 1600w\" sizes=\"(max-width: 488px) 100vw, 488px\" \/><\/a><\/p>\n<p style=\"text-align: left;\">COFINANCIADO POR:<\/p>\n<p><img decoding=\"async\" class=\" wp-image-2433\" src=\"https:\/\/aganplus.org\/wp-content\/uploads\/2019\/12\/Cofinanciado2-1024x116.jpg\" alt=\"Cofinanciado por la Xunta de Galicia y Agader\" width=\"554\" height=\"63\" srcset=\"https:\/\/aganplus.org\/wp-content\/uploads\/2019\/12\/Cofinanciado2-1024x116.jpg 1024w, https:\/\/aganplus.org\/wp-content\/uploads\/2019\/12\/Cofinanciado2-300x34.jpg 300w, https:\/\/aganplus.org\/wp-content\/uploads\/2019\/12\/Cofinanciado2-768x87.jpg 768w, https:\/\/aganplus.org\/wp-content\/uploads\/2019\/12\/Cofinanciado2-1536x174.jpg 1536w, https:\/\/aganplus.org\/wp-content\/uploads\/2019\/12\/Cofinanciado2-24x3.jpg 24w, https:\/\/aganplus.org\/wp-content\/uploads\/2019\/12\/Cofinanciado2-36x4.jpg 36w, https:\/\/aganplus.org\/wp-content\/uploads\/2019\/12\/Cofinanciado2-48x5.jpg 48w, https:\/\/aganplus.org\/wp-content\/uploads\/2019\/12\/Cofinanciado2.jpg 1575w\" sizes=\"(max-width: 554px) 100vw, 554px\" \/><\/p>\n<p><strong><u>Objetivos:<\/u><\/strong><\/p>\n<ul>\n<li>Convertir el territorio en un destino accesible, integrado, inteligente e internacional bajo una estrategia de calidad y sostenibilidad, poniendo en valor su patrimonio natural y cultural en r\u00edos, r\u00edas y costa.<\/li>\n<li>Promover la creaci\u00f3n de nuevas ofertas basadas en el patrimonio natural y cultural de la regi\u00f3n, que contribuyan al crecimiento de las pernoctaciones.<\/li>\n<li>Posicionar la regi\u00f3n como destino educativo y universitario n\u00e1utico internacional a trav\u00e9s de ofertas n\u00e1uticas de excelencia que integren el patrimonio natural y cultural de la regi\u00f3n.<\/li>\n<li>Potenciar los r\u00edos, r\u00edas y costa de la regi\u00f3n como puertas de entrada tur\u00edstica, aumentando la accesibilidad de los puertos y su conexi\u00f3n con los municipios y centros hist\u00f3ricos.<\/li>\n<\/ul>\n<p><strong><u>Beneficiarios:<\/u><\/strong><\/p>\n<ul>\n<li>Los <strong>municipios<\/strong> podr\u00e1n iniciar una estrategia para convertirse en destinos internacionales n\u00e1uticos tematizados y diferenciados. Para ello se desarrollar\u00e1n inversiones para mejorar las instalaciones portuarias, la conexi\u00f3n del puerto con la ciudad, y se desarrollar\u00e1n las infoestructuras para poner en valor el patrimonio a trav\u00e9s de la tecnolog\u00eda de realidad aumentada de las r\u00edas y r\u00edos.<\/li>\n<li>Los <strong>puertos y sus gestores <\/strong>podr\u00e1n mejorar su accesibilidad para colectivos de personas con discapacidad y emplear las nuevas tecnolog\u00edas para favorecer la apertura y acceso a cualquier hora, y mejorar su atracci\u00f3n internacional al tematizarlos en funci\u00f3n de los atractivos patrimoniales que su entorno ofrece.<\/li>\n<li>Las <strong>entidades y clubes deportivos<\/strong>, junto con las universidades y residencias de estudiantes, podr\u00e1n beneficiarse del desarrollo y la promoci\u00f3n de nuevos productos n\u00e1uticos vinculados a la educaci\u00f3n, del cat\u00e1logo de eventos que atraigan nuevos p\u00fablicos y socios, y de una estrategia para atraer universitarios de deportes n\u00e1uticos a trav\u00e9s de instalaciones de alto nivel que les permita compatibilizar su formaci\u00f3n acad\u00e9mica con la pr\u00e1ctica semiprofesional o profesional en deportes n\u00e1uticos.<\/li>\n<li>Las <strong>empresas y entidades <\/strong>que ofrecen productos n\u00e1uticos podr\u00e1n desarrollar nuevas ofertas utilizando el patrimonio, y aprovechando las oportunidades que las nuevas tecnolog\u00edas de realidad aumentada pueden suponer para diferenciar sus productos.<\/li>\n<\/ul>\n<p><strong><u>Socios y promotores:<\/u><\/strong><\/p>\n<p><strong>1. Sector empresarial, <\/strong>que ha de promover la creaci\u00f3n de nuevos productos tur\u00edsticos internacionales:<\/p>\n<ul>\n<li><strong>Asociaci\u00f3n Galega de Actividades N\u00e1uticas- Agan+<\/strong>. Asociaci\u00f3n de referencia en creaci\u00f3n de productos n\u00e1uticos en Galicia con casi 20 a\u00f1os de experiencia.<\/li>\n<li><strong>Asociaci\u00f3n Portuguesa de Actividades N\u00e1uticas -Interc\u00e9ltica<\/strong>. Asociaci\u00f3n portuguesa de empresas n\u00e1uticas y con colaboraci\u00f3n de entidades portuarias portuguesas con 20 a\u00f1os de experiencia.<\/li>\n<\/ul>\n<p><strong>2. Sector p\u00fablico:<\/strong><\/p>\n<ul>\n<li><strong>Xunta de Galicia. Direcci\u00f3n Xeral de Desenvolvemento Pesqueiro<\/strong>, que promover\u00e1 el desarrollo de productos vinculados a la cultura mar\u00edtima.<\/li>\n<li><strong>Xunta de Galicia. Direcci\u00f3n Xeral de Desenvolvemento Pesqueiro<\/strong>, que promover\u00e1 el desarrollo de productos vinculados a la cultura mar\u00edtima.<\/li>\n<li><strong>Xunta de Galicia. Fundaci\u00f3n Deporte Galego, <\/strong>que promover\u00e1 el desarrollo del deporte y de la educaci\u00f3n como factores para diferenciar el territorio como destino deportivo.<\/li>\n<li><strong>Comunidad Intermunicipal do Alto Minho<\/strong>, que agrupa los 10 municipios del norte de Portugal y promover\u00e1 la accesibilidad a trav\u00e9s del r\u00edo Mi\u00f1o y el r\u00edo Lima al patrimonio de fortalezas, villas y zonas red natura, aprovechando las infraestructura y tradici\u00f3n deportiva n\u00e1utica de que disponen.<\/li>\n<li><strong>Instituto Polit\u00e9cnico de Viana do Castelo<\/strong>, con su experiencia en proyectos de calidad desarrollar\u00e1 los requisitos que tanto los territorios como las empresas han de cumplir para poder posicionarse internacionalmente.<\/li>\n<\/ul>\n<p><strong>3. Otras entidades que apoyan el proyecto<\/strong><\/p>\n<ul>\n<li><strong>Xunta de Galicia. Axencia Turismo de Galicia, <\/strong>que apoyar\u00e1 como socio colaborador las iniciativas para desarrollar y comercializar internacionalmente nuevos productos tur\u00edsticos.<\/li>\n<li><strong>Parque Nacional Mar\u00edtimo Terrestre de las Islas Atl\u00e1nticas de Galicia<\/strong>, apoyando como socio colaborador el desarrollo de nuevos productos vinculados al parque.<\/li>\n<li><strong>Fundaci\u00f3n Ceres<\/strong>, que como socio colaborador que agrupa a las universidades de Galicia y el norte de Portugal apoyar\u00e1 el desarrollo de la estrategia para posicionar la eurorregi\u00f3n como destino universitario n\u00e1utico deportivo europeo.<\/li>\n<li><strong>Agencia Portuguesa do Ambiente<\/strong>, que trabaja por el desarrollo sostenible de Portugal, bas\u00e1ndose en elevados est\u00e1ndares de protecci\u00f3n y valorizaci\u00f3n de los sistemas ambientales y de enfoques integrados de las pol\u00edticas p\u00fablicas, proponiendo, desarrollando y acompa\u00f1ando la gesti\u00f3n integrada y participada de las pol\u00edticas de medio ambiente y de desarrollo sostenible, de forma articulada con otras pol\u00edticas sectoriales y en colaboraci\u00f3n con entidades p\u00fablicas y privadas.<\/li>\n<li><strong>Administra\u00e7\u00e3o da Regi\u00e3o Hidrogr\u00e1fica do Norte<\/strong>, organismo de consulta y apoyo de la Agencia Portuguesa de Medio Ambiente en materia de recursos h\u00eddricos, en el que est\u00e1n representados los ministerios, otros organismos de la Administraci\u00f3n lusa, los municipios interesados y las entidades representativas de los principales usuarios relacionados con los recursos h\u00eddricos del \u00e1rea norte de Portugal.<\/li>\n<\/ul>\n","protected":false},"excerpt":{"rendered":"<p>El proyecto\u00a0Ecodestin _3IN, con una inversi\u00f3n pr\u00f3xima a los\u00a0dos millones de euros\u00a0y enmarcado en el Programa\u00a0INTERREG V-A Espa\u00f1a\u2013Portugal 2014-2020 (Poctep), tiene como principal objetivo el incremento de la atracci\u00f3n del territorio a trav\u00e9s del fomento y del desarrollo del patrimonio natural y cultural vinculado a las r\u00edas, r\u00edos y costa de la eurorregi\u00f3n Galicia-Norte de [&hellip;]<\/p>\n","protected":false},"author":2,"featured_media":0,"parent":1586,"menu_order":0,"comment_status":"closed","ping_status":"closed","template":"","meta":{"footnotes":""},"class_list":["post-1588","page","type-page","status-publish","hentry"],"yoast_head":"<!-- This site is optimized with the Yoast SEO plugin v28.4 - https:\/\/yoast.com\/product\/yoast-seo-wordpress\/ -->\n<title>ECODESTIN - Asociaci\u00f3n Galega de Actividades N\u00e1uticas - Agan+<\/title>\n<meta name=\"robots\" content=\"index, follow, max-snippet:-1, max-image-preview:large, max-video-preview:-1\" \/>\n<link rel=\"canonical\" href=\"https:\/\/aganplus.org\/index.php\/proyectos-y-actividades\/proyectos\/ecodestin\/\" \/>\n<meta property=\"og:locale\" content=\"es_ES\" \/>\n<meta property=\"og:type\" content=\"article\" \/>\n<meta property=\"og:title\" content=\"ECODESTIN - Asociaci\u00f3n Galega de Actividades N\u00e1uticas - Agan+\" \/>\n<meta property=\"og:description\" content=\"El proyecto\u00a0Ecodestin _3IN, con una inversi\u00f3n pr\u00f3xima a los\u00a0dos millones de euros\u00a0y enmarcado en el Programa\u00a0INTERREG V-A Espa\u00f1a\u2013Portugal 2014-2020 (Poctep), tiene como principal objetivo el incremento de la atracci\u00f3n del territorio a trav\u00e9s del fomento y del desarrollo del patrimonio natural y cultural vinculado a las r\u00edas, r\u00edos y costa de la eurorregi\u00f3n Galicia-Norte de [&hellip;]\" \/>\n<meta property=\"og:url\" content=\"https:\/\/aganplus.org\/index.php\/proyectos-y-actividades\/proyectos\/ecodestin\/\" \/>\n<meta property=\"og:site_name\" content=\"Asociaci\u00f3n Galega de Actividades N\u00e1uticas - Agan+\" \/>\n<meta property=\"article:modified_time\" content=\"2019-12-20T15:10:49+00:00\" \/>\n<meta property=\"og:image\" content=\"https:\/\/aganplus.org\/wp-content\/uploads\/2018\/04\/3-Logo-Interreg-y-ecodestin_preview-DEFINITIVO.png\" \/>\n\t<meta property=\"og:image:width\" content=\"1600\" \/>\n\t<meta property=\"og:image:height\" content=\"296\" \/>\n\t<meta property=\"og:image:type\" content=\"image\/png\" \/>\n<meta name=\"twitter:card\" content=\"summary_large_image\" \/>\n<meta name=\"twitter:label1\" content=\"Tiempo de lectura\" \/>\n\t<meta name=\"twitter:data1\" content=\"4 minutos\" \/>\n<script type=\"application\/ld+json\" class=\"yoast-schema-graph\">{\"@context\":\"https:\\\/\\\/schema.org\",\"@graph\":[{\"@type\":\"WebPage\",\"@id\":\"https:\\\/\\\/aganplus.org\\\/index.php\\\/proyectos-y-actividades\\\/proyectos\\\/ecodestin\\\/\",\"url\":\"https:\\\/\\\/aganplus.org\\\/index.php\\\/proyectos-y-actividades\\\/proyectos\\\/ecodestin\\\/\",\"name\":\"ECODESTIN - Asociaci\u00f3n Galega de Actividades N\u00e1uticas - Agan+\",\"isPartOf\":{\"@id\":\"https:\\\/\\\/aganplus.org\\\/#website\"},\"primaryImageOfPage\":{\"@id\":\"https:\\\/\\\/aganplus.org\\\/index.php\\\/proyectos-y-actividades\\\/proyectos\\\/ecodestin\\\/#primaryimage\"},\"image\":{\"@id\":\"https:\\\/\\\/aganplus.org\\\/index.php\\\/proyectos-y-actividades\\\/proyectos\\\/ecodestin\\\/#primaryimage\"},\"thumbnailUrl\":\"https:\\\/\\\/aganplus.org\\\/wp-content\\\/uploads\\\/2018\\\/04\\\/3-Logo-Interreg-y-ecodestin_preview-DEFINITIVO-1024x189.png\",\"datePublished\":\"2018-04-15T18:39:42+00:00\",\"dateModified\":\"2019-12-20T15:10:49+00:00\",\"breadcrumb\":{\"@id\":\"https:\\\/\\\/aganplus.org\\\/index.php\\\/proyectos-y-actividades\\\/proyectos\\\/ecodestin\\\/#breadcrumb\"},\"inLanguage\":\"es\",\"potentialAction\":[{\"@type\":\"ReadAction\",\"target\":[\"https:\\\/\\\/aganplus.org\\\/index.php\\\/proyectos-y-actividades\\\/proyectos\\\/ecodestin\\\/\"]}]},{\"@type\":\"ImageObject\",\"inLanguage\":\"es\",\"@id\":\"https:\\\/\\\/aganplus.org\\\/index.php\\\/proyectos-y-actividades\\\/proyectos\\\/ecodestin\\\/#primaryimage\",\"url\":\"https:\\\/\\\/aganplus.org\\\/wp-content\\\/uploads\\\/2018\\\/04\\\/3-Logo-Interreg-y-ecodestin_preview-DEFINITIVO.png\",\"contentUrl\":\"https:\\\/\\\/aganplus.org\\\/wp-content\\\/uploads\\\/2018\\\/04\\\/3-Logo-Interreg-y-ecodestin_preview-DEFINITIVO.png\",\"width\":1600,\"height\":296},{\"@type\":\"BreadcrumbList\",\"@id\":\"https:\\\/\\\/aganplus.org\\\/index.php\\\/proyectos-y-actividades\\\/proyectos\\\/ecodestin\\\/#breadcrumb\",\"itemListElement\":[{\"@type\":\"ListItem\",\"position\":1,\"name\":\"Portada\",\"item\":\"https:\\\/\\\/aganplus.org\\\/\"},{\"@type\":\"ListItem\",\"position\":2,\"name\":\"PROYECTOS Y ACTIVIDADES\",\"item\":\"https:\\\/\\\/aganplus.org\\\/index.php\\\/proyectos-y-actividades\\\/\"},{\"@type\":\"ListItem\",\"position\":3,\"name\":\"Proyectos\",\"item\":\"https:\\\/\\\/aganplus.org\\\/index.php\\\/proyectos-y-actividades\\\/proyectos\\\/\"},{\"@type\":\"ListItem\",\"position\":4,\"name\":\"ECODESTIN\"}]},{\"@type\":\"WebSite\",\"@id\":\"https:\\\/\\\/aganplus.org\\\/#website\",\"url\":\"https:\\\/\\\/aganplus.org\\\/\",\"name\":\"Asociaci\u00f3n Galega de Actividades N\u00e1uticas - Agan+\",\"description\":\"Asociaci\u00f3n Galega de Actividades N\u00e1uticas\",\"potentialAction\":[{\"@type\":\"SearchAction\",\"target\":{\"@type\":\"EntryPoint\",\"urlTemplate\":\"https:\\\/\\\/aganplus.org\\\/?s={search_term_string}\"},\"query-input\":{\"@type\":\"PropertyValueSpecification\",\"valueRequired\":true,\"valueName\":\"search_term_string\"}}],\"inLanguage\":\"es\"}]}<\/script>\n<!-- \/ Yoast SEO plugin. -->","yoast_head_json":{"title":"ECODESTIN - Asociaci\u00f3n Galega de Actividades N\u00e1uticas - Agan+","robots":{"index":"index","follow":"follow","max-snippet":"max-snippet:-1","max-image-preview":"max-image-preview:large","max-video-preview":"max-video-preview:-1"},"canonical":"https:\/\/aganplus.org\/index.php\/proyectos-y-actividades\/proyectos\/ecodestin\/","og_locale":"es_ES","og_type":"article","og_title":"ECODESTIN - Asociaci\u00f3n Galega de Actividades N\u00e1uticas - Agan+","og_description":"El proyecto\u00a0Ecodestin _3IN, con una inversi\u00f3n pr\u00f3xima a los\u00a0dos millones de euros\u00a0y enmarcado en el Programa\u00a0INTERREG V-A Espa\u00f1a\u2013Portugal 2014-2020 (Poctep), tiene como principal objetivo el incremento de la atracci\u00f3n del territorio a trav\u00e9s del fomento y del desarrollo del patrimonio natural y cultural vinculado a las r\u00edas, r\u00edos y costa de la eurorregi\u00f3n Galicia-Norte de [&hellip;]","og_url":"https:\/\/aganplus.org\/index.php\/proyectos-y-actividades\/proyectos\/ecodestin\/","og_site_name":"Asociaci\u00f3n Galega de Actividades N\u00e1uticas - Agan+","article_modified_time":"2019-12-20T15:10:49+00:00","og_image":[{"width":1600,"height":296,"url":"https:\/\/aganplus.org\/wp-content\/uploads\/2018\/04\/3-Logo-Interreg-y-ecodestin_preview-DEFINITIVO.png","type":"image\/png"}],"twitter_card":"summary_large_image","twitter_misc":{"Tiempo de lectura":"4 minutos"},"schema":{"@context":"https:\/\/schema.org","@graph":[{"@type":"WebPage","@id":"https:\/\/aganplus.org\/index.php\/proyectos-y-actividades\/proyectos\/ecodestin\/","url":"https:\/\/aganplus.org\/index.php\/proyectos-y-actividades\/proyectos\/ecodestin\/","name":"ECODESTIN - Asociaci\u00f3n Galega de Actividades N\u00e1uticas - Agan+","isPartOf":{"@id":"https:\/\/aganplus.org\/#website"},"primaryImageOfPage":{"@id":"https:\/\/aganplus.org\/index.php\/proyectos-y-actividades\/proyectos\/ecodestin\/#primaryimage"},"image":{"@id":"https:\/\/aganplus.org\/index.php\/proyectos-y-actividades\/proyectos\/ecodestin\/#primaryimage"},"thumbnailUrl":"https:\/\/aganplus.org\/wp-content\/uploads\/2018\/04\/3-Logo-Interreg-y-ecodestin_preview-DEFINITIVO-1024x189.png","datePublished":"2018-04-15T18:39:42+00:00","dateModified":"2019-12-20T15:10:49+00:00","breadcrumb":{"@id":"https:\/\/aganplus.org\/index.php\/proyectos-y-actividades\/proyectos\/ecodestin\/#breadcrumb"},"inLanguage":"es","potentialAction":[{"@type":"ReadAction","target":["https:\/\/aganplus.org\/index.php\/proyectos-y-actividades\/proyectos\/ecodestin\/"]}]},{"@type":"ImageObject","inLanguage":"es","@id":"https:\/\/aganplus.org\/index.php\/proyectos-y-actividades\/proyectos\/ecodestin\/#primaryimage","url":"https:\/\/aganplus.org\/wp-content\/uploads\/2018\/04\/3-Logo-Interreg-y-ecodestin_preview-DEFINITIVO.png","contentUrl":"https:\/\/aganplus.org\/wp-content\/uploads\/2018\/04\/3-Logo-Interreg-y-ecodestin_preview-DEFINITIVO.png","width":1600,"height":296},{"@type":"BreadcrumbList","@id":"https:\/\/aganplus.org\/index.php\/proyectos-y-actividades\/proyectos\/ecodestin\/#breadcrumb","itemListElement":[{"@type":"ListItem","position":1,"name":"Portada","item":"https:\/\/aganplus.org\/"},{"@type":"ListItem","position":2,"name":"PROYECTOS Y ACTIVIDADES","item":"https:\/\/aganplus.org\/index.php\/proyectos-y-actividades\/"},{"@type":"ListItem","position":3,"name":"Proyectos","item":"https:\/\/aganplus.org\/index.php\/proyectos-y-actividades\/proyectos\/"},{"@type":"ListItem","position":4,"name":"ECODESTIN"}]},{"@type":"WebSite","@id":"https:\/\/aganplus.org\/#website","url":"https:\/\/aganplus.org\/","name":"Asociaci\u00f3n Galega de Actividades N\u00e1uticas - Agan+","description":"Asociaci\u00f3n Galega de Actividades N\u00e1uticas","potentialAction":[{"@type":"SearchAction","target":{"@type":"EntryPoint","urlTemplate":"https:\/\/aganplus.org\/?s={search_term_string}"},"query-input":{"@type":"PropertyValueSpecification","valueRequired":true,"valueName":"search_term_string"}}],"inLanguage":"es"}]}},"_links":{"self":[{"href":"https:\/\/aganplus.org\/index.php\/wp-json\/wp\/v2\/pages\/1588","targetHints":{"allow":["GET"]}}],"collection":[{"href":"https:\/\/aganplus.org\/index.php\/wp-json\/wp\/v2\/pages"}],"about":[{"href":"https:\/\/aganplus.org\/index.php\/wp-json\/wp\/v2\/types\/page"}],"author":[{"embeddable":true,"href":"https:\/\/aganplus.org\/index.php\/wp-json\/wp\/v2\/users\/2"}],"replies":[{"embeddable":true,"href":"https:\/\/aganplus.org\/index.php\/wp-json\/wp\/v2\/comments?post=1588"}],"version-history":[{"count":10,"href":"https:\/\/aganplus.org\/index.php\/wp-json\/wp\/v2\/pages\/1588\/revisions"}],"predecessor-version":[{"id":2444,"href":"https:\/\/aganplus.org\/index.php\/wp-json\/wp\/v2\/pages\/1588\/revisions\/2444"}],"up":[{"embeddable":true,"href":"https:\/\/aganplus.org\/index.php\/wp-json\/wp\/v2\/pages\/1586"}],"wp:attachment":[{"href":"https:\/\/aganplus.org\/index.php\/wp-json\/wp\/v2\/media?parent=1588"}],"curies":[{"name":"wp","href":"https:\/\/api.w.org\/{rel}","templated":true}]}}